{"id":7467,"date":"2026-01-07T15:29:36","date_gmt":"2026-01-07T14:29:36","guid":{"rendered":"https:\/\/syprin.de\/?post_type=product&#038;p=7467"},"modified":"2026-04-30T17:32:39","modified_gmt":"2026-04-30T15:32:39","slug":"original-syprin-dizel-reszecskeszuro-tisztito","status":"publish","type":"product","link":"https:\/\/syprin.de\/hu\/produkt\/original-syprin-dizel-reszecskeszuro-tisztito\/","title":{"rendered":"ORIGINAL SYPRIN d\u00edzel r\u00e9szecskesz\u0171r\u0151 tiszt\u00edt\u00f3"},"content":{"rendered":"<div class=\"wpb-content-wrapper\"><p>[vc_row][vc_column][vc_column_text css=&#8221;&#8221;]<\/p>\n<div class=\"tab-popup-content\">\n<h3>ORIGINAL SYPRIN DPF tiszt\u00edt\u00f3<\/h3>\n<p>A DPF1 r\u00e9szecskesz\u0171r\u0151-tiszt\u00edt\u00f3 hat\u00e9kony sz\u0171r\u0151tiszt\u00edt\u00e1st biztos\u00edt vezet\u00e9s k\u00f6zben. K\u00f6lts\u00e9ghat\u00e9kony m\u00f3dszer a d\u00edzel r\u00e9szecskesz\u0171r\u0151 tiszt\u00edt\u00e1s\u00e1ra \u00e9s m\u0171k\u00f6d\u0151k\u00e9pess\u00e9g\u00e9nek fenntart\u00e1s\u00e1ra \u2013 ki- \u00e9s beszerel\u00e9s, \u00e1ll\u00e1sid\u0151 vagy \u00fczemzavarok n\u00e9lk\u00fcl.<\/p>\n<h3>Kompatibilit\u00e1s<\/h3>\n<p>A DPF 1 minden d\u00edzel \u00fczemanyaghoz \u00e9s d\u00edzelmotorhoz alkalmas, \u00e9s n\u00f6veli azok teljes\u00edtm\u00e9ny\u00e9t. Rendszeres haszn\u00e1lata k\u00fcl\u00f6n\u00f6sen aj\u00e1nlott r\u00f6vid t\u00e1v\u00fa \u00e9s v\u00e1rosi haszn\u00e1latra sz\u00e1nt j\u00e1rm\u0171vekhez.<\/p>\n<p>&nbsp;<\/p>\n<\/div>\n<h3>\u00a0Vesz\u00e9lyes \u00e1rukra vonatkoz\u00f3 inform\u00e1ci\u00f3k Eredeti Syprin DPF tiszt\u00edt\u00f3<\/h3>\n<p><strong><img decoding=\"async\" data-src=\"https:\/\/syprin.de\/wp-content\/uploads\/2018\/02\/Gesundheitsgefahr_GHS08-7.webp\" alt=\"\" width=\"64\" height=\"64\" src=\"data:image\/svg+xml;base64,PHN2ZyB3aWR0aD0iMSIgaGVpZ2h0PSIxIiB4bWxucz0iaHR0cDovL3d3dy53My5vcmcvMjAwMC9zdmciPjwvc3ZnPg==\" class=\"lazyload\" style=\"--smush-placeholder-width: 64px; --smush-placeholder-aspect-ratio: 64\/64;\" \/><br \/>\n<\/strong><strong><br \/>\nVesz\u00e9lyre vonatkoz\u00f3 figyelmeztet\u00e9sek:<br \/>\n<\/strong>H304 Lenyel\u00e9s eset\u00e9n \u00e9s a l\u00e9gutakba ker\u00fclve hal\u00e1los lehet..<\/p>\n<p class=\"p1\"><strong>Biztons\u00e1gi utas\u00edt\u00e1sok:<\/strong><br \/>\nP101 Orvosi tan\u00e1csad\u00e1s eset\u00e9n tartsa k\u00e9zn\u00e9l a term\u00e9k ed\u00e9ny\u00e9t vagy c\u00edmk\u00e9j\u00e9t. P102 Gyermekekt\u0151l elz\u00e1rva tartand\u00f3..<br \/>\nP301+P310 LENYEL\u00c9S ESET\u00c9N: Azonnal h\u00edvjon M\u00c9RGEZ\u0150K\u00d6ZPONTOT\/orvost. P331 TILOS h\u00e1nytatni..<br \/>\nP405 Tartsa z\u00e1rva.<br \/>\nP501\u00a0A tartalom\/ed\u00e9ny \u00e1rtalmatlan\u00edt\u00e1sa enged\u00e9lyezett hullad\u00e9kkezel\u0151 telepen.<br \/>\nEUH066 Az ism\u00e9telt \u00e9rintkez\u00e9s sz\u00e1raz vagy repedezett b\u0151rt okozhat..<\/p>\n<h3 class=\"a-section a-spacing-none\">Gy\u00e1rt\u00f3i inform\u00e1ci\u00f3k<\/h3>\n<div class=\"a-section a-spacing-none\">\n<p><strong>N\u00e9v:<\/strong> OS Motorsystem GmbH &amp; Co. KG<br \/>\n<strong>C\u00edm:<\/strong> Blumenweg 20a D-09224 Chemnitz<br \/>\n<strong>E-Mail:<\/strong> info@syprin.de<br \/>\n<strong>Weboldal:<\/strong> <a href=\"https:\/\/syprin.de\/hu\/\" target=\"_blank\" rel=\"noopener\">https:\/\/syprin.de\/<\/a><br \/>\n<strong>Eur\u00f3pai gy\u00e1rt\u00f3: Igen<\/strong><\/p>\n<\/div>\n<p>[\/vc_column_text][\/vc_column][\/vc_row]<\/p>\n<\/div>","protected":false},"excerpt":{"rendered":"<h3>ORIGINAL SYPRIN DPF tiszt\u00edt\u00f3<\/h3>\n<p>A DPF1 r\u00e9szecskesz\u0171r\u0151-tiszt\u00edt\u00f3 hat\u00e9kony sz\u0171r\u0151tiszt\u00edt\u00e1st biztos\u00edt vezet\u00e9s k\u00f6zben. K\u00f6lts\u00e9ghat\u00e9kony m\u00f3dszer a d\u00edzel r\u00e9szecskesz\u0171r\u0151 tiszt\u00edt\u00e1s\u00e1ra \u00e9s m\u0171k\u00f6d\u0151k\u00e9pess\u00e9g\u00e9nek fenntart\u00e1s\u00e1ra \u2013 ki- \u00e9s beszerel\u00e9s, \u00e1ll\u00e1sid\u0151 vagy \u00fczemzavarok n\u00e9lk\u00fcl.<\/p>\n<h3>Alkalmaz\u00e1s<\/h3>\n<p>Egyszer\u0171en adja a DPF tiszt\u00edt\u00f3t az \u00fczemanyaghoz, tankoljon a szok\u00e1sos m\u00f3don, \u00e9s induljon el. Az optim\u00e1lis eredm\u00e9ny el\u00e9r\u00e9se \u00e9rdek\u00e9ben 300 ml kever\u00e9si ar\u00e1nyt haszn\u00e1ljon 70 liter \u00fczemanyaghoz. Javasoljuk, hogy megel\u0151z\u0151 jelleggel haszn\u00e1lja \u00e9vente k\u00e9tszer (tavasszal \u00e9s \u0151sszel). Probl\u00e9ma eset\u00e9n azonnal haszn\u00e1lja.<\/p>\n","protected":false},"featured_media":7272,"comment_status":"open","ping_status":"closed","template":"","meta":{"wds_primary_product_brand":0,"wds_primary_product_cat":0},"product_brand":[],"product_cat":[349],"product_tag":[],"class_list":{"0":"post-7467","1":"product","2":"type-product","3":"status-publish","4":"has-post-thumbnail","6":"product_cat-dizel","8":"first","9":"instock","10":"taxable","11":"shipping-taxable","12":"purchasable","13":"product-type-simple"},"_links":{"self":[{"href":"https:\/\/syprin.de\/hu\/wp-json\/wp\/v2\/product\/7467","targetHints":{"allow":["GET"]}}],"collection":[{"href":"https:\/\/syprin.de\/hu\/wp-json\/wp\/v2\/product"}],"about":[{"href":"https:\/\/syprin.de\/hu\/wp-json\/wp\/v2\/types\/product"}],"replies":[{"embeddable":true,"href":"https:\/\/syprin.de\/hu\/wp-json\/wp\/v2\/comments?post=7467"}],"wp:featuredmedia":[{"embeddable":true,"href":"https:\/\/syprin.de\/hu\/wp-json\/wp\/v2\/media\/7272"}],"wp:attachment":[{"href":"https:\/\/syprin.de\/hu\/wp-json\/wp\/v2\/media?parent=7467"}],"wp:term":[{"taxonomy":"product_brand","embeddable":true,"href":"https:\/\/syprin.de\/hu\/wp-json\/wp\/v2\/product_brand?post=7467"},{"taxonomy":"product_cat","embeddable":true,"href":"https:\/\/syprin.de\/hu\/wp-json\/wp\/v2\/product_cat?post=7467"},{"taxonomy":"product_tag","embeddable":true,"href":"https:\/\/syprin.de\/hu\/wp-json\/wp\/v2\/product_tag?post=7467"}],"curies":[{"name":"wp","href":"https:\/\/api.w.org\/{rel}","templated":true}]}}